{"id":1565,"date":"2017-03-31T20:03:13","date_gmt":"2017-03-31T19:03:13","guid":{"rendered":"http:\/\/okmr.biziel.pl\/?page_id=1565"},"modified":"2023-06-20T07:05:11","modified_gmt":"2023-06-20T06:05:11","slug":"galerria","status":"publish","type":"page","link":"https:\/\/okmr.biziel.pl\/?page_id=1565","title":{"rendered":"Galeria"},"content":{"rendered":"\n<h2 class=\"wp-block-heading has-text-align-center\"><strong><a title=\" Oddzia\u0142 Kliniczny Medycyny Ratunkowej\" href=\"http:\/\/okmr.biziel.pl\/?page_id=61\" rel=\"home\">Oddzia\u0142 Kliniczny Medycyny Ratunkowej<\/a><\/strong><\/h2>\n\n\n<div class=\"wp-block-image\">\n<figure class=\"aligncenter\"><a href=\"http:\/\/okmr.biziel.pl\/wp-content\/uploads\/2017\/03\/logo-sor.jpg\"><img loading=\"lazy\" decoding=\"async\" width=\"216\" height=\"217\" src=\"http:\/\/okmr.biziel.pl\/wp-content\/uploads\/2017\/03\/logo-sor.jpg\" alt=\"\" class=\"wp-image-2092\" title=\"logo sor\" srcset=\"https:\/\/okmr.biziel.pl\/wp-content\/uploads\/2017\/03\/logo-sor.jpg 216w, https:\/\/okmr.biziel.pl\/wp-content\/uploads\/2017\/03\/logo-sor-150x150.jpg 150w\" sizes=\"auto, (max-width: 216px) 100vw, 216px\" \/><\/a><\/figure>\n<\/div>\n\n\n<h2 class=\"wp-block-heading has-text-align-center\"><strong>Mi\u0119dzynarodowa Konferencja TEAM<\/strong>:<\/h2>\n\n\n\n<p class=\"has-text-align-center\"><a href=\"http:\/\/okmr.biziel.pl\/?page_id=3292\" data-type=\"URL\" data-id=\"http:\/\/okmr.biziel.pl\/?page_id=3292\">TEAM 2022<\/a><\/p>\n\n\n\n<h2 class=\"wp-block-heading has-text-align-center\"><strong>Konferencje&nbsp; OKMR:<\/strong><\/h2>\n\n\n\n<p class=\"has-text-align-center\"><a href=\"http:\/\/okmr.biziel.pl\/?page_id=1252\">I Og\u00f3lnopolska Konferencja Naukowo-Szkoleniowa<br>Ratownictwo &#8211; Wyzwania i Mo\u017cliwo\u015bci<br>13 Maja 2016 Pieczyska<\/a><\/p>\n\n\n\n<p class=\"has-text-align-center\"><a href=\"http:\/\/okmr.biziel.pl\/?page_id=2130\">II Og\u00f3lnopolska Konferencja Naukowo-Szkoleniowa<br>Ratownictwo &#8211; Wyzwania i Mo\u017cliwo\u015bci<br>2 Czerwca 2017 Bydgoszcz<\/a><\/p>\n\n\n\n<h2 class=\"wp-block-heading has-text-align-center\"><strong>\u0106wiczenia Ratownicze OKMR:<\/strong><\/h2>\n\n\n\n<p class=\"has-text-align-center\"><a href=\"http:\/\/okmr.biziel.pl\/?page_id=182\">\u0106wiczenia Ratowniczne Kr\u00f3wka Le\u015bna 15.05.2015<\/a><\/p>\n\n\n\n<p class=\"has-text-align-center\"><a href=\"http:\/\/okmr.biziel.pl\/?page_id=442\">\u0106wiczenia Ratowniczne Kr\u00f3wka Le\u015bna 11.09.2015<\/a><\/p>\n\n\n\n<p class=\"has-text-align-center\"><a href=\"http:\/\/okmr.biziel.pl\/?page_id=2677\">Zdarzenie masowe \u2013 \u0107wiczenia w Oddziale Klinicznym Medycyny Ratunkowej 23.11.2017<\/a><\/p>\n\n\n\n<p class=\"has-text-align-center\"><a href=\"http:\/\/okmr.biziel.pl\/?page_id=2994\">\u0106wiczenia Ratowniczne Kr\u00f3wka Le\u015bna 14.09.2018<\/a><\/p>\n\n\n\n<p class=\"has-text-align-center\"><a href=\"http:\/\/okmr.biziel.pl\/?page_id=3088\">Zdarzenie masowe \u2013 \u0107wiczenia w Oddziale Klinicznym Medycyny Ratunkowej 22.11.2018<\/a><\/p>\n\n\n\n<h2 class=\"wp-block-heading has-text-align-center\"><strong>Konferencje w kt\u00f3rych uczestniczy\u0142 OKMR:<\/strong><\/h2>\n\n\n\n<p class=\"has-text-align-center\"><a href=\"http:\/\/okmr.biziel.pl\/?page_id=659\">V Konferencja 2012 PTPR &#8211; Zamek Ksi\u0105\u017c<\/a><\/p>\n\n\n\n<p class=\"has-text-align-center\"><a href=\"http:\/\/okmr.biziel.pl\/?page_id=808\">VI Og\u00f3lnopolska Konferencja Medycyny Ratunkowej KOPERNIK \u0141\u00f3d\u017a 2013<\/a><\/p>\n\n\n\n<p class=\"has-text-align-center\"><a href=\"http:\/\/okmr.biziel.pl\/?page_id=677\">VI Konferencja 2014 PTPR &#8211; Krynica<\/a><\/p>\n\n\n\n<p class=\"has-text-align-center\"><a href=\"http:\/\/okmr.biziel.pl\/?page_id=647\">VIII Og\u00f3lnopolska Konferencja Medycyny Ratunkowej KOPERNIK \u0141\u00f3d\u017a 2015<\/a><\/p>\n\n\n\n<p class=\"has-text-align-center\"><a href=\"http:\/\/okmr.biziel.pl\/?page_id=831\">I Interdyscyplinarna Konferencja \u015arodowisk Medycznych \u2013 Zegrze 2015<\/a><\/p>\n\n\n\n<p class=\"has-text-align-center\"><a href=\"http:\/\/okmr.biziel.pl\/?page_id=1139\">VII Konferencja 2016 PTPR &#8211; Dolina Charlotty<\/a><\/p>\n\n\n\n<p class=\"has-text-align-center\"><a href=\"http:\/\/okmr.biziel.pl\/?page_id=1340\">II Interdyscyplinarna Konferencja \u015arodowisk Medycznych \u2013 Zegrze 2016<\/a><\/p>\n\n\n\n<h2 class=\"wp-block-heading has-text-align-center\"><strong>Inne galerie:<\/strong><\/h2>\n\n\n\n<p class=\"has-text-align-center\"><a href=\"https:\/\/okmr.biziel.pl\/?page_id=3481\" data-type=\"URL\" data-id=\"https:\/\/okmr.biziel.pl\/?page_id=3481\">Festyn rodzinny w \u017b\u0142obku nr 12 &#8222;Balbina&#8221; &#8211; 06.06.2023<\/a><\/p>\n\n\n\n<p class=\"has-text-align-center\"><a href=\"http:\/\/okmr.biziel.pl\/?page_id=3421\">XV Og\u00f3lnopolski Konkurs &#8222;Ratujemy \u017cycie&#8221; klas IV-VIII szk\u00f3\u0142 podstawowych &#8211; 27.05.2023<\/a><\/p>\n\n\n\n<p class=\"has-text-align-center\"><a href=\"http:\/\/okmr.biziel.pl\/?page_id=3377\">I Wojew\u00f3dzki Konkurs Pierwszej Pomocy &#8222;Ratujmy innych bezpiecznie&#8221; &#8211; 10.05.2023<\/a><\/p>\n\n\n\n<p class=\"has-text-align-center\"><a href=\"http:\/\/okmr.biziel.pl\/?page_id=3241\">Z wizyt\u0105 w Zespole Szk\u00f3\u0142 nr 31 &#8211; 15.11.2022<\/a><\/p>\n\n\n\n<p class=\"has-text-align-center\"><a href=\"http:\/\/okmr.biziel.pl\/?page_id=2234\">\u201ePatrol Roku 2017\u201d 30.05.2017<\/a><\/p>\n\n\n\n<p class=\"has-text-align-center\"><a href=\"http:\/\/okmr.biziel.pl\/?page_id=2066\">Z wizyt\u0105 w Przedszkolu &#8222;Jacek i Agatka&#8221; 24.05.2017<\/a><\/p>\n","protected":false},"excerpt":{"rendered":"<p>Oddzia\u0142 Kliniczny Medycyny Ratunkowej Mi\u0119dzynarodowa Konferencja TEAM: TEAM 2022 Konferencje&nbsp; OKMR: I Og\u00f3lnopolska Konferencja Naukowo-SzkoleniowaRatownictwo &#8211; Wyzwania i Mo\u017cliwo\u015bci13 Maja 2016 Pieczyska II Og\u00f3lnopolska Konferencja Naukowo-SzkoleniowaRatownictwo &#8211; Wyzwania i Mo\u017cliwo\u015bci2 Czerwca 2017 Bydgoszcz \u0106wiczenia Ratownicze OKMR: \u0106wiczenia Ratowniczne Kr\u00f3wka Le\u015bna 15.05.2015 \u0106wiczenia Ratowniczne Kr\u00f3wka Le\u015bna 11.09.2015 Zdarzenie masowe \u2013 \u0107wiczenia w Oddziale Klinicznym Medycyny Ratunkowej &hellip; <\/p>\n<p class=\"link-more\"><a href=\"https:\/\/okmr.biziel.pl\/?page_id=1565\" class=\"more-link\">Czytaj dalej<span class=\"screen-reader-text\"> \u201eGaleria\u201d<\/span><\/a><\/p>\n","protected":false},"author":3,"featured_media":0,"parent":0,"menu_order":8,"comment_status":"closed","ping_status":"closed","template":"","meta":{"footnotes":""},"class_list":["post-1565","page","type-page","status-publish","hentry"],"_links":{"self":[{"href":"https:\/\/okmr.biziel.pl\/index.php?rest_route=\/wp\/v2\/pages\/1565","targetHints":{"allow":["GET"]}}],"collection":[{"href":"https:\/\/okmr.biziel.pl\/index.php?rest_route=\/wp\/v2\/pages"}],"about":[{"href":"https:\/\/okmr.biziel.pl\/index.php?rest_route=\/wp\/v2\/types\/page"}],"author":[{"embeddable":true,"href":"https:\/\/okmr.biziel.pl\/index.php?rest_route=\/wp\/v2\/users\/3"}],"replies":[{"embeddable":true,"href":"https:\/\/okmr.biziel.pl\/index.php?rest_route=%2Fwp%2Fv2%2Fcomments&post=1565"}],"version-history":[{"count":43,"href":"https:\/\/okmr.biziel.pl\/index.php?rest_route=\/wp\/v2\/pages\/1565\/revisions"}],"predecessor-version":[{"id":3496,"href":"https:\/\/okmr.biziel.pl\/index.php?rest_route=\/wp\/v2\/pages\/1565\/revisions\/3496"}],"wp:attachment":[{"href":"https:\/\/okmr.biziel.pl\/index.php?rest_route=%2Fwp%2Fv2%2Fmedia&parent=1565"}],"curies":[{"name":"wp","href":"https:\/\/api.w.org\/{rel}","templated":true}]}}